{"id":279,"date":"2023-02-21T09:20:46","date_gmt":"2023-02-21T09:20:46","guid":{"rendered":"https:\/\/etipon.com\/?page_id=279"},"modified":"2023-03-18T19:04:44","modified_gmt":"2023-03-18T19:04:44","slug":"politica-de-privacidad","status":"publish","type":"page","link":"https:\/\/etipon.com\/?page_id=279","title":{"rendered":"Pol\u00edtica de privacidad"},"content":{"rendered":"\t\t<div data-elementor-type=\"wp-page\" data-elementor-id=\"279\" class=\"elementor elementor-279\">\n\t\t\t\t\t\t\t\t\t<section class=\"elementor-section elementor-top-section elementor-element elementor-element-20aa7223 elementor-section-boxed elementor-section-height-default elementor-section-height-default\" data-id=\"20aa7223\" data-element_type=\"section\">\n\t\t\t\t\t\t<div class=\"elementor-container elementor-column-gap-default\">\n\t\t\t\t\t<div class=\"elementor-column elementor-col-100 elementor-top-column elementor-element elementor-element-75871640\" data-id=\"75871640\" data-element_type=\"column\">\n\t\t\t<div class=\"elementor-widget-wrap elementor-element-populated\">\n\t\t\t\t\t\t\t\t<div class=\"elementor-element elementor-element-56485f8e elementor-widget elementor-widget-text-editor\" data-id=\"56485f8e\" data-element_type=\"widget\" data-widget_type=\"text-editor.default\">\n\t\t\t\t<div class=\"elementor-widget-container\">\n\t\t\t<style>\/*! elementor - v3.15.0 - 20-08-2023 *\/\n.elementor-widget-text-editor.elementor-drop-cap-view-stacked .elementor-drop-cap{background-color:#69727d;color:#fff}.elementor-widget-text-editor.elementor-drop-cap-view-framed .elementor-drop-cap{color:#69727d;border:3px solid;background-color:transparent}.elementor-widget-text-editor:not(.elementor-drop-cap-view-default) .elementor-drop-cap{margin-top:8px}.elementor-widget-text-editor:not(.elementor-drop-cap-view-default) .elementor-drop-cap-letter{width:1em;height:1em}.elementor-widget-text-editor .elementor-drop-cap{float:left;text-align:center;line-height:1;font-size:50px}.elementor-widget-text-editor .elementor-drop-cap-letter{display:inline-block}<\/style>\t\t\t\t<p><!-- wp:paragraph --><\/p>\n<p><a href=\"https:\/\/www.iubenda.com\/privacy-policy\/87262697\">Pol\u00edtica de Privacidad<\/a><\/p>\n<p><!-- \/wp:paragraph --><\/p>\n<p><!-- wp:heading --><\/p>\n<h2 class=\"titulos\" style=\"margin-right: 0px; margin-left: 0px; padding: 0px; font-family: OpenSans, Arial; color: #019cde; font-size: 25px; width: 1350px; display: inline-block; letter-spacing: normal;\">1. DATOS DEL RESPONSABLE DEL TRATAMIENTO<\/h2>\n<p><span style=\"color: #5d5d5d; font-family: OpenSans, Arial; font-size: 14px;\">\u00a0<\/span><span style=\"margin: 0px; padding: 0px; font-weight: bold; color: #5d5d5d; font-family: OpenSans, Arial; font-size: 14px;\">Raz\u00f3n Social: ETIQUETAS DEL PONIENTE, S.L (en adelante, la \u201cEmpresa\u201d o el \u201cResponsable\u201d).<\/span><br style=\"margin: 0px; padding: 0px; color: #5d5d5d; font-family: OpenSans, Arial; font-size: 14px;\" \/><span style=\"color: #5d5d5d; font-family: OpenSans, Arial; font-size: 14px;\">CIF: B04299996<\/span><br style=\"margin: 0px; padding: 0px; color: #5d5d5d; font-family: OpenSans, Arial; font-size: 14px;\" \/><span style=\"color: #5d5d5d; font-family: OpenSans, Arial; font-size: 14px;\">Domicilio: C\/IX N\u00ba 10, P.I La Redonda, 04710 &#8211; Sta. M\u00aa del \u00c1guila, El Ejido (ALMERIA).<\/span><br style=\"margin: 0px; padding: 0px; color: #5d5d5d; font-family: OpenSans, Arial; font-size: 14px;\" \/><span style=\"color: #5d5d5d; font-family: OpenSans, Arial; font-size: 14px;\">Email para comunicaciones en materia de Protecci\u00f3n de datos:\u00a0<\/span><a style=\"margin: 0px; padding: 0px; background-color: #ffffff; color: #337ab7; font-family: OpenSans, Arial; font-size: 14px;\" title=\"etipon@etipon.com\" href=\"mailto:etipon@etipon.com\" target=\"_blank\" rel=\"noopener\">etipon@etipon.com<\/a><span style=\"color: #5d5d5d; font-family: OpenSans, Arial; font-size: 14px;\">.<\/span><br style=\"margin: 0px; padding: 0px; color: #5d5d5d; font-family: OpenSans, Arial; font-size: 14px;\" \/><br style=\"margin: 0px; padding: 0px; color: #5d5d5d; font-family: OpenSans, Arial; font-size: 14px;\" \/><\/p>\n<h3 class=\"txt_celeste\" style=\"margin: 10px 0px 15px; padding: 0px; font-family: OpenSans, Arial; font-weight: 400; color: #019cde; font-size: 18px; letter-spacing: normal;\">Normativa aplicable<\/h3>\n<p><span style=\"color: #5d5d5d; font-family: OpenSans, Arial; font-size: 14px;\">Nuestra Pol\u00edtica de Privacidad se ha dise\u00f1ado de acuerdo con el Reglamento General de Protecci\u00f3n de Datos de la UE 2016\/679 del Parlamento Europeo y del Consejo, de 27 de abril de 2016, relativo a la protecci\u00f3n de las personas f\u00edsicas en lo que respecta al tratamiento de datos personales y a la libre circulaci\u00f3n de estos datos y por el que se deroga la Directiva 95\/46\/CE (Reglamento general de protecci\u00f3n de datos), y en lo que no contradiga el mencionado Reglamento, por lo dispuesto en el marco legislativo espa\u00f1ol en materia de Protecci\u00f3n de Datos de Car\u00e1cter Personal.<\/span><br style=\"margin: 0px; padding: 0px; color: #5d5d5d; font-family: OpenSans, Arial; font-size: 14px;\" \/><br style=\"margin: 0px; padding: 0px; color: #5d5d5d; font-family: OpenSans, Arial; font-size: 14px;\" \/><span style=\"color: #5d5d5d; font-family: OpenSans, Arial; font-size: 14px;\">Al facilitarnos sus datos, Usted declara haber le\u00eddo y conocer la presente Pol\u00edtica de Privacidad, prestando su consentimiento inequ\u00edvoco y expreso al tratamiento de sus datos personales de acuerdo a las finalidades y t\u00e9rminos aqu\u00ed expresados.<\/span><br style=\"margin: 0px; padding: 0px; color: #5d5d5d; font-family: OpenSans, Arial; font-size: 14px;\" \/><br style=\"margin: 0px; padding: 0px; color: #5d5d5d; font-family: OpenSans, Arial; font-size: 14px;\" \/><span style=\"color: #5d5d5d; font-family: OpenSans, Arial; font-size: 14px;\">La Empresa podr\u00e1 modificar la presente Pol\u00edtica de Privacidad para adaptarla a las novedades legislativas, jurisprudenciales o de interpretaci\u00f3n de la Agencia Espa\u00f1ola de Protecci\u00f3n de Datos. Estas condiciones de privacidad podr\u00e1n ser complementadas por el Aviso Legal, Pol\u00edtica de Cookies y las Condiciones Generales que, en su caso, se recojan para determinados productos o servicios, si dicho acceso supone alguna especialidad en materia de protecci\u00f3n de datos de car\u00e1cter personal.<\/span><br style=\"margin: 0px; padding: 0px; color: #5d5d5d; font-family: OpenSans, Arial; font-size: 14px;\" \/><br style=\"margin: 0px; padding: 0px; color: #5d5d5d; font-family: OpenSans, Arial; font-size: 14px;\" \/><\/p>\n<h2 class=\"titulos\" style=\"margin-right: 0px; margin-left: 0px; padding: 0px; font-family: OpenSans, Arial; color: #019cde; font-size: 25px; width: 1350px; display: inline-block; letter-spacing: normal;\">2. FINALIDAD DEL TRATAMIENTO DE LOS DATOS PERSONALES<\/h2>\n<p><span style=\"color: #5d5d5d; font-family: OpenSans, Arial; font-size: 14px;\">\u00a0El tratamiento que realizamos de sus datos personales responde a las siguientes finalidades:<\/span><\/p>\n<ul style=\"margin-right: 0px; margin-bottom: 0px; margin-left: 10px; padding: 0px; color: #5d5d5d; font-family: OpenSans, Arial; font-size: 14px;\">\n<li style=\"margin: 0px; padding: 0px;\">Proporcionarle informaci\u00f3n relacionada con los productos y servicios que ofrece nuestra empresa y que detallan en este web site.<\/li>\n<li style=\"margin: 0px; padding: 0px;\">Realizar la contrataci\u00f3n de nuestros servicios mediante la aceptaci\u00f3n del correspondiente presupuesto \/ pedido y\/o la firma de un contrato mercantil.<\/li>\n<li style=\"margin: 0px; padding: 0px;\">Enviarle por correo electr\u00f3nico y\/o postal las noticias y novedades acerca de nuestra entidad, as\u00ed como las actualizaciones de nuestro cat\u00e1logo de productos y servicios.<\/li>\n<\/ul>\n<h3 class=\"txt_celeste\" style=\"margin: 10px 0px 15px; padding: 0px; font-family: OpenSans, Arial; font-weight: 400; color: #019cde; font-size: 18px; letter-spacing: normal;\">Plazo de Conservaci\u00f3n de sus datos<\/h3>\n<p><span style=\"color: #5d5d5d; font-family: OpenSans, Arial; font-size: 14px;\">Conservaremos sus datos personales desde que nos d\u00e9 su consentimiento hasta que lo revoque o bien solicite la limitaci\u00f3n del tratamiento. En tales casos, mantendremos sus datos de manera bloqueada durante los plazos legalmente exigidos.<\/span><br style=\"margin: 0px; padding: 0px; color: #5d5d5d; font-family: OpenSans, Arial; font-size: 14px;\" \/><br style=\"margin: 0px; padding: 0px; color: #5d5d5d; font-family: OpenSans, Arial; font-size: 14px;\" \/><\/p>\n<h2 class=\"titulos\" style=\"margin-right: 0px; margin-left: 0px; padding: 0px; font-family: OpenSans, Arial; color: #019cde; font-size: 25px; width: 1350px; display: inline-block; letter-spacing: normal;\">3. LEGITIMACI\u00d3N Y DATOS RECABADOS<\/h2>\n<p><span style=\"color: #5d5d5d; font-family: OpenSans, Arial; font-size: 14px;\">\u00a0La legitimaci\u00f3n para el tratamiento de sus datos es el consentimiento expreso otorgado mediante un acto positivo y afirmativo (rellenar el formulario correspondiente y marcar la casilla de aceptaci\u00f3n de esta pol\u00edtica) en el momento de facilitarnos sus datos personales.<\/span><br style=\"margin: 0px; padding: 0px; color: #5d5d5d; font-family: OpenSans, Arial; font-size: 14px;\" \/><br style=\"margin: 0px; padding: 0px; color: #5d5d5d; font-family: OpenSans, Arial; font-size: 14px;\" \/><\/p>\n<h3 class=\"txt_celeste\" style=\"margin: 10px 0px 15px; padding: 0px; font-family: OpenSans, Arial; font-weight: 400; color: #019cde; font-size: 18px; letter-spacing: normal;\">Consentimiento para tratar sus datos<\/h3>\n<p><span style=\"color: #5d5d5d; font-family: OpenSans, Arial; font-size: 14px;\">Al rellenar los formularios, marcar la casilla \u201cAcepto la Pol\u00edtica de Privacidad\u201d y hacer clic para enviar los datos, o al remitir correos electr\u00f3nicos a la Empresa a trav\u00e9s de las cuentas habilitadas al efecto, el Usuario manifiesta haber le\u00eddo y aceptado expresamente la presente pol\u00edtica de privacidad, y otorga su consentimiento inequ\u00edvoco y expreso al tratamiento de sus datos personales conforme a las finalidades indicadas.<\/span><br style=\"margin: 0px; padding: 0px; color: #5d5d5d; font-family: OpenSans, Arial; font-size: 14px;\" \/><br style=\"margin: 0px; padding: 0px; color: #5d5d5d; font-family: OpenSans, Arial; font-size: 14px;\" \/><span style=\"color: #5d5d5d; font-family: OpenSans, Arial; font-size: 14px;\">El Usuario certifica que es mayor de 14 a\u00f1os y que por lo tanto posee la capacidad legal necesaria para la prestaci\u00f3n del consentimiento en cuanto al tratamiento de sus datos de car\u00e1cter personal y todo ello, de conformidad con lo establecido en la presente Pol\u00edtica de Privacidad.<\/span><br style=\"margin: 0px; padding: 0px; color: #5d5d5d; font-family: OpenSans, Arial; font-size: 14px;\" \/><br style=\"margin: 0px; padding: 0px; color: #5d5d5d; font-family: OpenSans, Arial; font-size: 14px;\" \/><\/p>\n<h3 class=\"txt_celeste\" style=\"margin: 10px 0px 15px; padding: 0px; font-family: OpenSans, Arial; font-weight: 400; color: #019cde; font-size: 18px; letter-spacing: normal;\">Categor\u00edas de datos<\/h3>\n<p><span style=\"color: #5d5d5d; font-family: OpenSans, Arial; font-size: 14px;\">Los datos que se recaban se refieren a la categor\u00eda de datos identificativos, como pueden ser: Nombre y Apellidos, Tel\u00e9fono, Direcci\u00f3n Postal, Empresa, Correo electr\u00f3nico, as\u00ed como la direcci\u00f3n IP desde donde accede al formulario de recogida de datos.<\/span><br style=\"margin: 0px; padding: 0px; color: #5d5d5d; font-family: OpenSans, Arial; font-size: 14px;\" \/><br style=\"margin: 0px; padding: 0px; color: #5d5d5d; font-family: OpenSans, Arial; font-size: 14px;\" \/><\/p>\n<h2 class=\"titulos\" style=\"margin-right: 0px; margin-left: 0px; padding: 0px; font-family: OpenSans, Arial; color: #019cde; font-size: 25px; width: 1350px; display: inline-block; letter-spacing: normal;\">4. MEDIDAS DE SEGURIDAD<\/h2>\n<p><span style=\"color: #5d5d5d; font-family: OpenSans, Arial; font-size: 14px;\">\u00a0Dentro de nuestro compromiso por garantizar la seguridad y confidencialidad de sus datos de car\u00e1cter personal, le informamos que se han adoptado las medidas de \u00edndole t\u00e9cnica y organizativas necesarias para garantizar la seguridad de los datos de car\u00e1cter personal y evitar su alteraci\u00f3n, p\u00e9rdida, tratamiento o acceso no autorizado, habida cuenta del estado de la tecnolog\u00eda, la naturaleza de los datos almacenados y los riesgos a que est\u00e9n expuestos, seg\u00fan el Art. 32 del RGPD EU 679\/2016.<\/span><br style=\"margin: 0px; padding: 0px; color: #5d5d5d; font-family: OpenSans, Arial; font-size: 14px;\" \/><br style=\"margin: 0px; padding: 0px; color: #5d5d5d; font-family: OpenSans, Arial; font-size: 14px;\" \/><\/p>\n<h2 class=\"titulos\" style=\"margin-right: 0px; margin-left: 0px; padding: 0px; font-family: OpenSans, Arial; color: #019cde; font-size: 25px; width: 1350px; display: inline-block; letter-spacing: normal;\">5. CESI\u00d3N DE DATOS<\/h2>\n<p><span style=\"color: #5d5d5d; font-family: OpenSans, Arial; font-size: 14px;\">\u00a0No se prev\u00e9n cesiones de datos ni transferencias internacionales de sus datos, a excepci\u00f3n de las autorizadas por la legislaci\u00f3n fiscal, mercantil y de telecomunicaciones as\u00ed como en aquellos casos en los que una autoridad judicial nos lo requiera.<\/span><br style=\"margin: 0px; padding: 0px; color: #5d5d5d; font-family: OpenSans, Arial; font-size: 14px;\" \/><br style=\"margin: 0px; padding: 0px; color: #5d5d5d; font-family: OpenSans, Arial; font-size: 14px;\" \/><\/p>\n<h2 class=\"titulos\" style=\"margin-right: 0px; margin-left: 0px; padding: 0px; font-family: OpenSans, Arial; color: #019cde; font-size: 25px; width: 1350px; display: inline-block; letter-spacing: normal;\">6. DERECHOS DEL USUARIO<\/h2>\n<p>\u00a0<\/p>\n<p><span style=\"color: #5d5d5d; font-family: OpenSans, Arial; font-size: 14px; font-weight: normal;\">\u00a0Cualquier interesado tiene derecho a obtener confirmaci\u00f3n sobre si estamos tratando datos personales que le conciernan, o no. Las personas interesadas tienen derecho a acceder a sus datos personales, as\u00ed como a solicitar la rectificaci\u00f3n de los datos inexactos o, en su caso, solicitar su supresi\u00f3n cuando, entre otros motivos, los datos ya no sean necesarios para los fines que fueron recogidos. En determinadas circunstancias, los interesados podr\u00e1n solicitar la limitaci\u00f3n del tratamiento de sus datos, en cuyo caso \u00fanicamente los conservaremos para el ejercicio o la defensa de reclamaciones. Por motivos relacionados con su situaci\u00f3n particular, los interesados podr\u00e1n oponerse al tratamiento de sus datos. El Responsable del tratamiento dejar\u00e1 de tratar los datos, salvo por motivos leg\u00edtimos imperiosos, o el ejercicio o la defensa de posibles reclamaciones.<\/span><\/p>\n<p>\u00a0<\/p>\n<h3 class=\"txt_celeste\" style=\"margin: 10px 0px 15px; padding: 0px; font-family: OpenSans, Arial; font-weight: 400; color: #019cde; font-size: 18px; letter-spacing: normal;\">\u00bfC\u00f3mo ejercitar mis derechos?<\/h3>\n<p>Para ejercer sus derechos, podr\u00e1 dirigir un escrito C\/IX N\u00ba 10, P.I La Redonda &#8211; 04710 Sta. M\u00aa del \u00c1guila, El Ejido (ALMERIA) o tambi\u00e9n puede enviar un email al Responsable, o en su caso, al Delegado de Protecci\u00f3n de Datos a etipon@etipon.com solicitando el correspondiente formulario para el ejercicio del derecho elegido. Opcionalmente, puede acudir a la Autoridad de Control competente para obtener informaci\u00f3n adicional acerca de sus derechos. Recuerde acompa\u00f1ar una copia de un documento que nos permita identificarle.<\/p>\n<p><!-- \/wp:paragraph --><\/p>\t\t\t\t\t\t<\/div>\n\t\t\t\t<\/div>\n\t\t\t\t\t<\/div>\n\t\t<\/div>\n\t\t\t\t\t\t\t<\/div>\n\t\t<\/section>\n\t\t\t\t\t\t\t<\/div>\n\t\t","protected":false},"excerpt":{"rendered":"<p>Pol\u00edtica de Privacidad 1. DATOS DEL RESPONSABLE DEL TRATAMIENTO \u00a0Raz\u00f3n Social: ETIQUETAS DEL PONIENTE, S.L (en adelante, la \u201cEmpresa\u201d o el \u201cResponsable\u201d).CIF: B04299996Domicilio: C\/IX N\u00ba 10, P.I La Redonda, 04710 &#8211; Sta. M\u00aa del \u00c1guila, El Ejido (ALMERIA).Email para comunicaciones en materia de Protecci\u00f3n de datos:\u00a0etipon@etipon.com. Normativa aplicable Nuestra Pol\u00edtica de Privacidad se ha dise\u00f1ado&hellip;<\/p>\n","protected":false},"author":1,"featured_media":0,"parent":0,"menu_order":0,"comment_status":"closed","ping_status":"open","template":"elementor_header_footer","meta":{"_eb_attr":"","om_disable_all_campaigns":false,"_monsterinsights_skip_tracking":false,"_monsterinsights_sitenote_active":false,"_monsterinsights_sitenote_note":"","_monsterinsights_sitenote_category":0,"_uf_show_specific_survey":0,"_uf_disable_surveys":false,"footnotes":""},"class_list":["post-279","page","type-page","status-publish","hentry"],"_links":{"self":[{"href":"https:\/\/etipon.com\/index.php?rest_route=\/wp\/v2\/pages\/279","targetHints":{"allow":["GET"]}}],"collection":[{"href":"https:\/\/etipon.com\/index.php?rest_route=\/wp\/v2\/pages"}],"about":[{"href":"https:\/\/etipon.com\/index.php?rest_route=\/wp\/v2\/types\/page"}],"author":[{"embeddable":true,"href":"https:\/\/etipon.com\/index.php?rest_route=\/wp\/v2\/users\/1"}],"replies":[{"embeddable":true,"href":"https:\/\/etipon.com\/index.php?rest_route=%2Fwp%2Fv2%2Fcomments&post=279"}],"version-history":[{"count":9,"href":"https:\/\/etipon.com\/index.php?rest_route=\/wp\/v2\/pages\/279\/revisions"}],"predecessor-version":[{"id":502,"href":"https:\/\/etipon.com\/index.php?rest_route=\/wp\/v2\/pages\/279\/revisions\/502"}],"wp:attachment":[{"href":"https:\/\/etipon.com\/index.php?rest_route=%2Fwp%2Fv2%2Fmedia&parent=279"}],"curies":[{"name":"wp","href":"https:\/\/api.w.org\/{rel}","templated":true}]}}